{"id":16315,"date":"2026-02-13T11:00:42","date_gmt":"2026-02-13T10:00:42","guid":{"rendered":"https:\/\/www.jazzinstitut.de\/?post_type=tribe_events&#038;p=16315"},"modified":"2026-04-09T12:40:13","modified_gmt":"2026-04-09T10:40:13","slug":"jazz-connects-field","status":"publish","type":"tribe_events","link":"http:\/\/www.jazzinstitut.de\/en\/jazzkalender-konzert\/jazz-connects-field\/","title":{"rendered":"Jazz Connects: Field"},"content":{"rendered":"<article dir=\"auto\" tabindex=\"-1\" data-turn-id=\"9377c554-adce-4c17-afb3-439a49eda5ff\" data-testid=\"conversation-turn-3\" data-scroll-anchor=\"false\" data-turn=\"user\">\n<div>\n<div tabindex=\"-1\">\n<p>Jazz hei\u00dft Musik zu transportieren , die so reich an Informationen, Farben und Emotionen ist, dass sie einem den Atem befreit und Brust wie Geist gleicherma\u00dfen \u00f6ffnet. FIELD verf\u00fcgt \u00fcber alle notwendigen Zutaten: Energie, Humor und tiefgehendes Bewusstsein f\u00fcr den steten Fluss der Kreativit\u00e4t. Ihrem Selbstverst\u00e4ndnis nach \u00e4hneln sie dabei jener mythologischen Figur des Tricksters, die in vielen alten indigenen Traditionen vorkommt. Der Trickster (zu deutsch auch &#8222;Schwindler&#8220; oder &#8222;Trickser&#8220;) hinterfragt die Regeln und Konventionen, um vermeintlich unumst\u00f6\u00dfliche, g\u00f6ttliche Gewissheiten auf den Kopf zu stellen. FIELD versteht sich als ein Vehikel f\u00fcr die Neuverortung innerer und \u00e4u\u00dferer Grenzen und Begrenzungen. Dazu sch\u00f6pfen sie aus den reichen Weidegr\u00fcnden der Musik und all dem, was \u201eJazz\u201c ausmacht, ausger\u00fcstet nur mit ihren Instrumenten als Werkzeugen und Waffen.<\/p>\n<p>CHRISTOPHER DELL | Vibraphone<br \/>\nJONAS WESTERGAARD | Bass<br \/>\nPETER BRUUN | Drums<br \/>\nULI KEMPENDORFF | Tenor Sax, Clarinet, Comp<\/p>\n<\/div>\n<\/div>\n<\/article>","protected":false},"excerpt":{"rendered":"<p>Jazz hei\u00dft Musik zu transportieren , die so reich an Informationen, Farben und Emotionen ist, dass sie einem den Atem befreit und Brust wie Geist gleicherma\u00dfen \u00f6ffnet. FIELD verf\u00fcgt \u00fcber &hellip; <a href=\"http:\/\/www.jazzinstitut.de\/en\/jazzkalender-konzert\/jazz-connects-field\/\" class=\"more-link\">Continue reading <span class=\"screen-reader-text\">Jazz Connects: Field<\/span> <span class=\"meta-nav\">&rarr;<\/span><\/a><\/p>","protected":false},"author":1,"featured_media":13256,"template":"","meta":{"_tribe_events_status":"","_tribe_events_status_reason":"","footnotes":""},"tags":[59,56,981,51],"tribe_events_cat":[173,111,110],"class_list":["post-16315","tribe_events","type-tribe_events","status-publish","has-post-thumbnail","hentry","tag-darmstadt","tag-gewoelbekeller-unterm-jazzinstitut","tag-jazz-connects","tag-konzert","tribe_events_cat-barrierefrei-mit-anmeldung","tribe_events_cat-clubkonzert","tribe_events_cat-konzertreihe","cat_barrierefrei-mit-anmeldung","cat_clubkonzert","cat_konzertreihe"],"_links":{"self":[{"href":"http:\/\/www.jazzinstitut.de\/en\/wp-json\/wp\/v2\/tribe_events\/16315","targetHints":{"allow":["GET"]}}],"collection":[{"href":"http:\/\/www.jazzinstitut.de\/en\/wp-json\/wp\/v2\/tribe_events"}],"about":[{"href":"http:\/\/www.jazzinstitut.de\/en\/wp-json\/wp\/v2\/types\/tribe_events"}],"author":[{"embeddable":true,"href":"http:\/\/www.jazzinstitut.de\/en\/wp-json\/wp\/v2\/users\/1"}],"version-history":[{"count":5,"href":"http:\/\/www.jazzinstitut.de\/en\/wp-json\/wp\/v2\/tribe_events\/16315\/revisions"}],"predecessor-version":[{"id":16624,"href":"http:\/\/www.jazzinstitut.de\/en\/wp-json\/wp\/v2\/tribe_events\/16315\/revisions\/16624"}],"wp:featuredmedia":[{"embeddable":true,"href":"http:\/\/www.jazzinstitut.de\/en\/wp-json\/wp\/v2\/media\/13256"}],"wp:attachment":[{"href":"http:\/\/www.jazzinstitut.de\/en\/wp-json\/wp\/v2\/media?parent=16315"}],"wp:term":[{"taxonomy":"post_tag","embeddable":true,"href":"http:\/\/www.jazzinstitut.de\/en\/wp-json\/wp\/v2\/tags?post=16315"},{"taxonomy":"tribe_events_cat","embeddable":true,"href":"http:\/\/www.jazzinstitut.de\/en\/wp-json\/wp\/v2\/tribe_events_cat?post=16315"}],"curies":[{"name":"wp","href":"https:\/\/api.w.org\/{rel}","templated":true}]}}