{"id":15433,"date":"2025-07-21T11:10:41","date_gmt":"2025-07-21T09:10:41","guid":{"rendered":"https:\/\/www.jazzinstitut.de\/?post_type=tribe_events&#038;p=15433"},"modified":"2025-07-21T11:16:25","modified_gmt":"2025-07-21T09:16:25","slug":"own-your-bones","status":"publish","type":"tribe_events","link":"https:\/\/www.jazzinstitut.de\/en\/jazzkalender-konzert\/own-your-bones\/","title":{"rendered":"Own Your Bones"},"content":{"rendered":"<p>OWN YOUR BONES (DE\/CH\/LV) erhielt unmittelbar nach seiner Gr\u00fcndung den Avignon Jazz Award und ver\u00f6ffentlichte sein Deb\u00fctalbum auf dem K\u00f6lner Label Klaengrecords. Bei zahlreichen Konzerten in ganz Europa pr\u00e4sentierte die Band ihre Musik bereits einem stets begeisterten Publikum \u2013 sowohl auf Festivals als auch auf Clubb\u00fchnen.\u00a0Komplexe musikalische Themen und spektrale Kl\u00e4nge kennzeichnen die Musik meist aus der Feder des Saxophonisten Jonas Engel, ebenso wie freie Improvisation und folkloristische Melodien. Mit ihrem Drang zur spielerischen Freiheit verwandeln OWN YOUR BONES die Kompositionen in ein emotionales, authentisches Konzerterlebnis zwischen kraftvollem Ausdruck und komplexer Klangkonfrontation.<\/p>\n<p>Jonas Engel | Altsax<br \/>\nKarlis Auzins | Tenorsax<br \/>\nDavid Helm | Kontrabass<br \/>\nDominik Mahnig | Schlagzeug<\/p>","protected":false},"excerpt":{"rendered":"<p>OWN YOUR BONES (DE\/CH\/LV) erhielt unmittelbar nach seiner Gr\u00fcndung den Avignon Jazz Award und ver\u00f6ffentlichte sein Deb\u00fctalbum auf dem K\u00f6lner Label Klaengrecords. Bei zahlreichen Konzerten in ganz Europa pr\u00e4sentierte die &hellip; <a href=\"https:\/\/www.jazzinstitut.de\/en\/jazzkalender-konzert\/own-your-bones\/\" class=\"more-link\">Continue reading <span class=\"screen-reader-text\">Own Your Bones<\/span> <span class=\"meta-nav\">&rarr;<\/span><\/a><\/p>","protected":false},"author":1,"featured_media":15434,"template":"","meta":{"_tribe_events_status":"","_tribe_events_status_reason":"","footnotes":""},"tags":[59,56,22,51],"tribe_events_cat":[173,111],"class_list":["post-15433","tribe_events","type-tribe_events","status-publish","has-post-thumbnail","hentry","tag-darmstadt","tag-gewoelbekeller-unterm-jazzinstitut","tag-jazz","tag-konzert","tribe_events_cat-barrierefrei-mit-anmeldung","tribe_events_cat-clubkonzert","cat_barrierefrei-mit-anmeldung","cat_clubkonzert"],"_links":{"self":[{"href":"https:\/\/www.jazzinstitut.de\/en\/wp-json\/wp\/v2\/tribe_events\/15433","targetHints":{"allow":["GET"]}}],"collection":[{"href":"https:\/\/www.jazzinstitut.de\/en\/wp-json\/wp\/v2\/tribe_events"}],"about":[{"href":"https:\/\/www.jazzinstitut.de\/en\/wp-json\/wp\/v2\/types\/tribe_events"}],"author":[{"embeddable":true,"href":"https:\/\/www.jazzinstitut.de\/en\/wp-json\/wp\/v2\/users\/1"}],"version-history":[{"count":3,"href":"https:\/\/www.jazzinstitut.de\/en\/wp-json\/wp\/v2\/tribe_events\/15433\/revisions"}],"predecessor-version":[{"id":15437,"href":"https:\/\/www.jazzinstitut.de\/en\/wp-json\/wp\/v2\/tribe_events\/15433\/revisions\/15437"}],"wp:featuredmedia":[{"embeddable":true,"href":"https:\/\/www.jazzinstitut.de\/en\/wp-json\/wp\/v2\/media\/15434"}],"wp:attachment":[{"href":"https:\/\/www.jazzinstitut.de\/en\/wp-json\/wp\/v2\/media?parent=15433"}],"wp:term":[{"taxonomy":"post_tag","embeddable":true,"href":"https:\/\/www.jazzinstitut.de\/en\/wp-json\/wp\/v2\/tags?post=15433"},{"taxonomy":"tribe_events_cat","embeddable":true,"href":"https:\/\/www.jazzinstitut.de\/en\/wp-json\/wp\/v2\/tribe_events_cat?post=15433"}],"curies":[{"name":"wp","href":"https:\/\/api.w.org\/{rel}","templated":true}]}}